{"id":3825,"date":"2020-06-24T13:41:17","date_gmt":"2020-06-24T11:41:17","guid":{"rendered":"https:\/\/kbryant.de\/blog\/?post_type=project&#038;p=3825"},"modified":"2020-06-24T13:41:20","modified_gmt":"2020-06-24T11:41:20","slug":"assistenz-der-geschaeftsfuehrung-managementassistenz-muenchen","status":"publish","type":"project","link":"https:\/\/kbryant.de\/blog\/project\/assistenz-der-geschaeftsfuehrung-managementassistenz-muenchen\/","title":{"rendered":"Assistenz der Gesch\u00e4ftsf\u00fchrung \/ Managementassistenz (m\/w\/d)"},"content":{"rendered":"<p>[et_pb_section fb_built=&#8220;1&#8243; _builder_version=&#8220;3.22&#8243; animation_style=&#8220;fade&#8220;][et_pb_row _builder_version=&#8220;3.25&#8243; background_size=&#8220;initial&#8220; background_position=&#8220;top_left&#8220; background_repeat=&#8220;repeat&#8220;][et_pb_column type=&#8220;4_4&#8243; _builder_version=&#8220;3.25&#8243; custom_padding=&#8220;|||&#8220; custom_padding__hover=&#8220;|||&#8220;][et_pb_text admin_label=&#8220;\u00dcberschrift &#8220; _builder_version=&#8220;3.27.4&#8243; text_font=&#8220;|700||on|||||&#8220; text_text_color=&#8220;#f9ab32&#8243; text_line_height=&#8220;1&#8243; header_font=&#8220;|700||on|||||&#8220; header_text_align=&#8220;left&#8220; header_text_color=&#8220;#f9ab32&#8243; text_orientation=&#8220;right&#8220;]<\/p>\n<h1 style=\"text-align: left;\">Stellenangebot<\/h1>\n<p>[\/et_pb_text][et_pb_text admin_label=&#8220;1 &#8211; %91Editieren%93 Bezeichnung der Stelle und Ortsangabe&#8220; _builder_version=&#8220;4.4.8&#8243; text_font=&#8220;|300|||||||&#8220; text_text_color=&#8220;#696969&#8243; header_font=&#8220;|700||on|||||&#8220; header_text_align=&#8220;left&#8220; header_text_color=&#8220;#f9ab32&#8243; header_line_height=&#8220;3em&#8220; hover_enabled=&#8220;0&#8243;]<\/p>\n<p><span style=\"color: #696969;\"><strong>Wir sind eine Personalvermittlung mit Sitz in M\u00fcnchen.<br \/><\/strong>F\u00fcr unseren Kunden in M\u00fcnchen suchen wir Sie als Assistenz der Gesch\u00e4ftsf\u00fchrung \/ Managementassistenz (m\/w\/d)<br \/><\/span><\/p>\n<p><span style=\"color: #696969;\">Mit <strong>langj\u00e4hriger Erfahrung und umfassendem Branchenwissen<\/strong>\u00a0k\u00f6nnen wir auf Sachbearbeiter-, Experten- und F\u00fchrungsebene unterst\u00fctzen \u2013 egal in welchem Fachgebiet.<\/span><\/p>\n<p>[\/et_pb_text][et_pb_text _builder_version=&#8220;3.27.4&#8243; text_font=&#8220;|700||on|||||&#8220; text_line_height=&#8220;1.3&#8243; header_font=&#8220;|700||on|||||&#8220; header_text_align=&#8220;left&#8220; header_font_size=&#8220;14&#8243; header_6_font=&#8220;|700||on|||||&#8220; custom_margin=&#8220;||0px|&#8220; custom_padding=&#8220;||0px|&#8220;]<\/p>\n<p><span style=\"color: #696969;\"><strong>F\u00fcr unseren Kunden suchen wir Sie als<\/strong><\/span><\/p>\n<p>[\/et_pb_text][et_pb_text admin_label=&#8220;2 &#8211; %91Editieren%93 Bezeichnung der Stelle mit Ortsangabe&#8220; _builder_version=&#8220;4.4.8&#8243; text_font=&#8220;|700||||on|||&#8220; text_text_color=&#8220;#f9ab32&#8243; text_font_size=&#8220;22px&#8220; text_line_height=&#8220;1&#8243; header_font=&#8220;|700||on|||||&#8220; header_text_align=&#8220;left&#8220; header_font_size=&#8220;14&#8243; header_6_font=&#8220;|700||on|||||&#8220; custom_margin=&#8220;5px|||&#8220; custom_padding=&#8220;5px|||&#8220; hover_enabled=&#8220;0&#8243; text_font_size_tablet=&#8220;&#8220; text_font_size_phone=&#8220;20px&#8220; text_font_size_last_edited=&#8220;on|phone&#8220;]<\/p>\n<p>Assistenz der Gesch\u00e4ftsf\u00fchrung \/ Managementassistenz (m\/w\/d) in <strong>M\u00fcnchen<\/strong><\/p>\n<p>[\/et_pb_text][et_pb_text admin_label=&#8220;3 &#8211; %91Editieren%93 Mitarbeiter Aufgaben&#8220; _builder_version=&#8220;4.4.8&#8243; text_font=&#8220;|300|||||||&#8220; text_text_color=&#8220;#696969&#8243; header_font=&#8220;|700||on|||||&#8220; header_text_align=&#8220;left&#8220; header_text_color=&#8220;#696969&#8243; header_font_size=&#8220;18&#8243; header_line_height=&#8220;3em&#8220; custom_margin=&#8220;0px|||&#8220; custom_padding=&#8220;0px|||&#8220; hover_enabled=&#8220;0&#8243;]<\/p>\n<h1><strong>ihre AUFGABEN<\/strong><\/h1>\n<ul>\n<li>administrative und organisatorische Unterst\u00fctzung der Gesch\u00e4ftsleitung<\/li>\n<li>Vor- und Nachbereitung von Terminen und Meetings<\/li>\n<li>Organisation und Koordination des gesamten Tagesablaufs<\/li>\n<li>Erledigung der anfallenden Korrespondenz auf Deutsch und Englisch<\/li>\n<li>Reisemanagement: Organisation und Buchung von Reisen und entsprechende Reisekostenabrechnung<\/li>\n<li>Erstellung von Pr\u00e4sentationen und Berichten<\/li>\n<li>klassisches Officemanagement<\/li>\n<\/ul>\n<p>[\/et_pb_text][et_pb_divider show_divider=&#8220;off&#8220; admin_label=&#8220;Teiler leer&#8220; _builder_version=&#8220;3.2&#8243; height=&#8220;6px&#8220; global_module=&#8220;242&#8243; saved_tabs=&#8220;all&#8220;]<\/p>\n<h1>Ihr Profil<\/h1>\n<p>[\/et_pb_divider][et_pb_text admin_label=&#8220;4 &#8211; %91Editieren%93 Mitarbeiter Profil&#8220; _builder_version=&#8220;4.4.8&#8243; text_font=&#8220;|300|||||||&#8220; text_text_color=&#8220;#696969&#8243; header_font=&#8220;|700||on|||||&#8220; header_text_align=&#8220;left&#8220; header_font_size=&#8220;18&#8243; header_line_height=&#8220;3em&#8220; custom_margin=&#8220;0px|||&#8220; custom_padding=&#8220;0px|||&#8220; hover_enabled=&#8220;0&#8243;]<\/p>\n<h1>ihr Profil<\/h1>\n<ul>\n<li>Abgeschlossene kaufm\u00e4nnische Ausbildung<\/li>\n<li>Berufserfahrung in einem \u00e4hnlichen Bereich von Vorteil<\/li>\n<li>Sehr gute Deutschkenntnisse und gute Englischkenntnisse in Wort und Schrift<\/li>\n<li>Gute PC-Kenntnisse (MS-Office)<\/li>\n<li>Starke Kommunikations- und Teamf\u00e4higkeit<\/li>\n<li>Flexibilit\u00e4t und Belastbarkeit<\/li>\n<li>Verantwortungsbewusstes und gewissenhaftes Arbeiten<\/li>\n<\/ul>\n<p>[\/et_pb_text][et_pb_divider show_divider=&#8220;off&#8220; admin_label=&#8220;Teiler leer&#8220; _builder_version=&#8220;3.2&#8243; height=&#8220;6px&#8220; global_module=&#8220;242&#8243; saved_tabs=&#8220;all&#8220;]<\/p>\n<h1>Ihr Profil<\/h1>\n<p>[\/et_pb_divider][et_pb_text admin_label=&#8220;5 &#8211; %91Editieren%93 Kundeninfo&#8220; _builder_version=&#8220;4.4.8&#8243; text_font=&#8220;|300|||||||&#8220; text_text_color=&#8220;#696969&#8243; header_font=&#8220;|700||on|||||&#8220; header_text_align=&#8220;left&#8220; header_font_size=&#8220;18&#8243; header_line_height=&#8220;3em&#8220; custom_margin=&#8220;0px|||&#8220; custom_padding=&#8220;0px|||&#8220; hover_enabled=&#8220;0&#8243;]<\/p>\n<h1>Unser Kunde<\/h1>\n<p>Unser Kunde ist ein mittelst\u00e4ndisches Unternehmen in M\u00fcnchen und Umgebung.\u00a0<\/p>\n<p>[\/et_pb_text][et_pb_text admin_label=&#8220;Ansprechpartner Analena Arnold&#8220; _builder_version=&#8220;3.27.4&#8243; text_font=&#8220;|300|||||||&#8220; text_text_color=&#8220;#696969&#8243; header_font=&#8220;|700||on|||||&#8220; header_text_align=&#8220;left&#8220; header_font_size=&#8220;18&#8243; header_line_height=&#8220;3em&#8220; custom_margin=&#8220;0px|||&#8220; custom_padding=&#8220;0px|||&#8220; saved_tabs=&#8220;all&#8220;]<\/p>\n<h1>Bewerbung<\/h1>\n<p>Einfach per Mail (mit Anschreiben, Lebenslauf und Zeugnissen) an <a href=\"mailto:bewerbung@kbryant.de\"><strong>bewerbung@kbryant.de<\/strong><\/a> senden.<\/p>\n<p>Ansprechpartner:<br \/>Analena Arnold<br \/>Telefon: 089-54455375<\/p>\n<p>[\/et_pb_text][et_pb_divider show_divider=&#8220;off&#8220; admin_label=&#8220;Teiler Ball&#8220; _builder_version=&#8220;3.2&#8243; background_image=&#8220;https:\/\/kbryant.de\/blog\/wp-content\/uploads\/2017\/12\/Mittellinie_oben.png&#8220; background_size=&#8220;contain&#8220; height=&#8220;36px&#8220; custom_padding=&#8220;26px||0px|||&#8220; global_module=&#8220;120&#8243; saved_tabs=&#8220;all&#8220;]<\/p>\n<p>[\/et_pb_divider][et_pb_text _builder_version=&#8220;3.27.4&#8243; text_font=&#8220;|300|||||||&#8220; text_text_color=&#8220;#696969&#8243; header_font=&#8220;|700||on|||||&#8220; header_text_align=&#8220;left&#8220; header_font_size=&#8220;18&#8243; header_line_height=&#8220;3em&#8220; custom_margin=&#8220;0px|||&#8220; custom_padding=&#8220;0px|||&#8220;]<\/p>\n<h1>KBryant \u2013 Ehrgeiz + Loyaliti\u00e4t = Erfolg<\/h1>\n<p>Das ist unsere Formel zum Erfolg. Und genau dahin m\u00f6chte KBryant Sie als spezialisierter Personaldienstleister im Bereich Personalvermittlung und Zeitarbeit bringen. Zum Erfolg. Zu Ihrem Traumberuf. Zu Spa\u00df an der Arbeit. Wir bilden die Schnittstelle zwischen Unternehmen und Arbeitnehmern sowohl im Kaufm\u00e4nnischen- als auch im IT-Bereich.<\/p>\n<p>[\/et_pb_text][et_pb_divider show_divider=&#8220;off&#8220; admin_label=&#8220;Teiler leer&#8220; _builder_version=&#8220;3.2&#8243; height=&#8220;6px&#8220; global_module=&#8220;242&#8243; saved_tabs=&#8220;all&#8220;]<\/p>\n<h1>Ihr Profil<\/h1>\n<p>[\/et_pb_divider][et_pb_text _builder_version=&#8220;3.27.4&#8243; text_font=&#8220;|300|||||||&#8220; text_text_color=&#8220;#696969&#8243; header_font=&#8220;|700||on|||||&#8220; header_text_align=&#8220;left&#8220; header_font_size=&#8220;18&#8243; header_line_height=&#8220;3em&#8220; custom_margin=&#8220;0px|||&#8220; custom_padding=&#8220;0px|||&#8220;]<\/p>\n<h1>ihre Vorteile<\/h1>\n<ul>\n<li>Lediglich eine Bewerbung bei uns, die wir gezielt an mehrere Unternehmen weiterleiten k\u00f6nnen<\/li>\n<li>erstes Interview und individuelle Beratung<\/li>\n<li>Eine Vielzahl an Stellen, die kurzfristig besetzt werden m\u00fcssen<\/li>\n<li>Pers\u00f6nliche Kontakte zu Entscheidern und hilfreiche Informationen<\/li>\n<li>Hilfreiche Tipps und Informationen f\u00fcr das Vorstellungsgespr\u00e4ch beim Unternehmen<\/li>\n<\/ul>\n<p>[\/et_pb_text][et_pb_divider show_divider=&#8220;off&#8220; admin_label=&#8220;Teiler Ball&#8220; _builder_version=&#8220;3.2&#8243; background_image=&#8220;https:\/\/kbryant.de\/blog\/wp-content\/uploads\/2017\/12\/Mittellinie_oben.png&#8220; background_size=&#8220;contain&#8220; height=&#8220;36px&#8220; custom_padding=&#8220;26px||0px|||&#8220; global_module=&#8220;120&#8243; saved_tabs=&#8220;all&#8220;]<\/p>\n<p>[\/et_pb_divider][et_pb_text admin_label=&#8220;Impressumstext&#8220; _builder_version=&#8220;3.27.4&#8243; text_font=&#8220;|300|||||||&#8220; text_text_color=&#8220;#696969&#8243; header_font=&#8220;|700|||||||&#8220; header_text_color=&#8220;#f9ab32&#8243; header_line_height=&#8220;3em&#8220; text_orientation=&#8220;center&#8220; global_module=&#8220;147&#8243; saved_tabs=&#8220;all&#8220;]<\/p>\n<h1 style=\"text-align: center;\">KBryant GmbH<\/h1>\n<p style=\"text-align: center;\">Schwanthalerstra\u00dfe 17<\/p>\n<p style=\"text-align: center;\"><span style=\"font-size: 18px;\">80336 M\u00fcnchen\u00a0<\/span><\/p>\n<p style=\"text-align: center;\">Tel.: 089\/544 55 371<br \/>Fax: 089\/544 55 370<br \/>Email: f.yildirim@kbryant.de<br \/>www.kbryant.de<\/p>\n<p>&nbsp;<\/p>\n<p>[\/et_pb_text][\/et_pb_column][\/et_pb_row][\/et_pb_section]<\/p>\n","protected":false},"excerpt":{"rendered":"<p>StellenangebotWir sind eine Personalvermittlung mit Sitz in M\u00fcnchen.F\u00fcr unseren Kunden in M\u00fcnchen suchen wir Sie als Assistenz der Gesch\u00e4ftsf\u00fchrung \/ Managementassistenz (m\/w\/d) Mit langj\u00e4hriger Erfahrung und umfassendem Branchenwissen\u00a0k\u00f6nnen wir auf Sachbearbeiter-, Experten- und F\u00fchrungsebene unterst\u00fctzen \u2013 egal in welchem Fachgebiet. F\u00fcr unseren Kunden suchen wir Sie alsAssistenz der Gesch\u00e4ftsf\u00fchrung \/ Managementassistenz (m\/w\/d) in M\u00fcnchen ihre [&hellip;]<\/p>\n","protected":false},"author":7,"featured_media":0,"comment_status":"open","ping_status":"closed","template":"","meta":{"_et_pb_use_builder":"on","_et_pb_old_content":"","_et_gb_content_width":"","footnotes":""},"project_category":[34,50,35],"project_tag":[133,208,219],"yoast_head":"<!-- This site is optimized with the Yoast SEO plugin v24.5 - https:\/\/yoast.com\/wordpress\/plugins\/seo\/ -->\n<title>Assistenz der Gesch\u00e4ftsf\u00fchrung \/ Managementassistenz (m\/w\/d) in M\u00fcnchen | KBryant GmbH<\/title>\n<meta name=\"description\" content=\"F\u00fcr unseren Kunden, ein Unternehmen in M\u00fcnchen, suchen wir ab sofort Assistenz der Gesch\u00e4ftsf\u00fchrung \/ Managementassistenz (m\/w\/d). Jetzt online bewerben! \u2705\" \/>\n<meta name=\"robots\" content=\"index, follow, max-snippet:-1, max-image-preview:large, max-video-preview:-1\" \/>\n<link rel=\"canonical\" href=\"https:\/\/kbryant.de\/blog\/project\/assistenz-der-geschaeftsfuehrung-managementassistenz-muenchen\/\" \/>\n<meta property=\"og:locale\" content=\"de_DE\" \/>\n<meta property=\"og:type\" content=\"article\" \/>\n<meta property=\"og:title\" content=\"Assistenz der Gesch\u00e4ftsf\u00fchrung \/ Managementassistenz (m\/w\/d) in M\u00fcnchen | KBryant GmbH\" \/>\n<meta property=\"og:description\" content=\"F\u00fcr unseren Kunden, ein Unternehmen in M\u00fcnchen, suchen wir ab sofort Assistenz der Gesch\u00e4ftsf\u00fchrung \/ Managementassistenz (m\/w\/d). Jetzt online bewerben! \u2705\" \/>\n<meta property=\"og:url\" content=\"https:\/\/kbryant.de\/blog\/project\/assistenz-der-geschaeftsfuehrung-managementassistenz-muenchen\/\" \/>\n<meta property=\"og:site_name\" content=\"KBryant\" \/>\n<meta property=\"article:publisher\" content=\"https:\/\/www.facebook.com\/kbryantgmbh\" \/>\n<meta property=\"article:modified_time\" content=\"2020-06-24T11:41:20+00:00\" \/>\n<meta property=\"og:image\" content=\"https:\/\/kbryant.de\/blog\/wp-content\/uploads\/2019\/02\/kbryant-logo-seo.jpg\" \/>\n\t<meta property=\"og:image:width\" content=\"1250\" \/>\n\t<meta property=\"og:image:height\" content=\"1250\" \/>\n\t<meta property=\"og:image:type\" content=\"image\/jpeg\" \/>\n<meta name=\"twitter:card\" content=\"summary_large_image\" \/>\n<meta name=\"twitter:site\" content=\"@kbryant_gmbh\" \/>\n<meta name=\"twitter:label1\" content=\"Gesch\u00e4tzte Lesezeit\" \/>\n\t<meta name=\"twitter:data1\" content=\"5\u00a0Minuten\" \/>\n<script type=\"application\/ld+json\" class=\"yoast-schema-graph\">{\"@context\":\"https:\/\/schema.org\",\"@graph\":[{\"@type\":\"WebPage\",\"@id\":\"https:\/\/kbryant.de\/blog\/project\/assistenz-der-geschaeftsfuehrung-managementassistenz-muenchen\/\",\"url\":\"https:\/\/kbryant.de\/blog\/project\/assistenz-der-geschaeftsfuehrung-managementassistenz-muenchen\/\",\"name\":\"Assistenz der Gesch\u00e4ftsf\u00fchrung \/ Managementassistenz (m\/w\/d) in M\u00fcnchen | KBryant GmbH\",\"isPartOf\":{\"@id\":\"https:\/\/kbryant.de\/blog\/#website\"},\"datePublished\":\"2020-06-24T11:41:17+00:00\",\"dateModified\":\"2020-06-24T11:41:20+00:00\",\"description\":\"F\u00fcr unseren Kunden, ein Unternehmen in M\u00fcnchen, suchen wir ab sofort Assistenz der Gesch\u00e4ftsf\u00fchrung \/ Managementassistenz (m\/w\/d). Jetzt online bewerben! \u2705\",\"breadcrumb\":{\"@id\":\"https:\/\/kbryant.de\/blog\/project\/assistenz-der-geschaeftsfuehrung-managementassistenz-muenchen\/#breadcrumb\"},\"inLanguage\":\"de\",\"potentialAction\":[{\"@type\":\"ReadAction\",\"target\":[\"https:\/\/kbryant.de\/blog\/project\/assistenz-der-geschaeftsfuehrung-managementassistenz-muenchen\/\"]}]},{\"@type\":\"BreadcrumbList\",\"@id\":\"https:\/\/kbryant.de\/blog\/project\/assistenz-der-geschaeftsfuehrung-managementassistenz-muenchen\/#breadcrumb\",\"itemListElement\":[{\"@type\":\"ListItem\",\"position\":1,\"name\":\"Startseite\",\"item\":\"https:\/\/kbryant.de\/blog\/\"},{\"@type\":\"ListItem\",\"position\":2,\"name\":\"Projekte\",\"item\":\"https:\/\/kbryant.de\/blog\/project\/\"},{\"@type\":\"ListItem\",\"position\":3,\"name\":\"Assistenz der Gesch\u00e4ftsf\u00fchrung \/ Managementassistenz (m\/w\/d)\"}]},{\"@type\":\"WebSite\",\"@id\":\"https:\/\/kbryant.de\/blog\/#website\",\"url\":\"https:\/\/kbryant.de\/blog\/\",\"name\":\"KBryant\",\"description\":\"Personalvermittlung\",\"potentialAction\":[{\"@type\":\"SearchAction\",\"target\":{\"@type\":\"EntryPoint\",\"urlTemplate\":\"https:\/\/kbryant.de\/blog\/?s={search_term_string}\"},\"query-input\":{\"@type\":\"PropertyValueSpecification\",\"valueRequired\":true,\"valueName\":\"search_term_string\"}}],\"inLanguage\":\"de\"}]}<\/script>\n<!-- \/ Yoast SEO plugin. -->","yoast_head_json":{"title":"Assistenz der Gesch\u00e4ftsf\u00fchrung \/ Managementassistenz (m\/w\/d) in M\u00fcnchen | KBryant GmbH","description":"F\u00fcr unseren Kunden, ein Unternehmen in M\u00fcnchen, suchen wir ab sofort Assistenz der Gesch\u00e4ftsf\u00fchrung \/ Managementassistenz (m\/w\/d). Jetzt online bewerben! \u2705","robots":{"index":"index","follow":"follow","max-snippet":"max-snippet:-1","max-image-preview":"max-image-preview:large","max-video-preview":"max-video-preview:-1"},"canonical":"https:\/\/kbryant.de\/blog\/project\/assistenz-der-geschaeftsfuehrung-managementassistenz-muenchen\/","og_locale":"de_DE","og_type":"article","og_title":"Assistenz der Gesch\u00e4ftsf\u00fchrung \/ Managementassistenz (m\/w\/d) in M\u00fcnchen | KBryant GmbH","og_description":"F\u00fcr unseren Kunden, ein Unternehmen in M\u00fcnchen, suchen wir ab sofort Assistenz der Gesch\u00e4ftsf\u00fchrung \/ Managementassistenz (m\/w\/d). Jetzt online bewerben! \u2705","og_url":"https:\/\/kbryant.de\/blog\/project\/assistenz-der-geschaeftsfuehrung-managementassistenz-muenchen\/","og_site_name":"KBryant","article_publisher":"https:\/\/www.facebook.com\/kbryantgmbh","article_modified_time":"2020-06-24T11:41:20+00:00","og_image":[{"width":1250,"height":1250,"url":"https:\/\/kbryant.de\/blog\/wp-content\/uploads\/2019\/02\/kbryant-logo-seo.jpg","type":"image\/jpeg"}],"twitter_card":"summary_large_image","twitter_site":"@kbryant_gmbh","twitter_misc":{"Gesch\u00e4tzte Lesezeit":"5\u00a0Minuten"},"schema":{"@context":"https:\/\/schema.org","@graph":[{"@type":"WebPage","@id":"https:\/\/kbryant.de\/blog\/project\/assistenz-der-geschaeftsfuehrung-managementassistenz-muenchen\/","url":"https:\/\/kbryant.de\/blog\/project\/assistenz-der-geschaeftsfuehrung-managementassistenz-muenchen\/","name":"Assistenz der Gesch\u00e4ftsf\u00fchrung \/ Managementassistenz (m\/w\/d) in M\u00fcnchen | KBryant GmbH","isPartOf":{"@id":"https:\/\/kbryant.de\/blog\/#website"},"datePublished":"2020-06-24T11:41:17+00:00","dateModified":"2020-06-24T11:41:20+00:00","description":"F\u00fcr unseren Kunden, ein Unternehmen in M\u00fcnchen, suchen wir ab sofort Assistenz der Gesch\u00e4ftsf\u00fchrung \/ Managementassistenz (m\/w\/d). Jetzt online bewerben! \u2705","breadcrumb":{"@id":"https:\/\/kbryant.de\/blog\/project\/assistenz-der-geschaeftsfuehrung-managementassistenz-muenchen\/#breadcrumb"},"inLanguage":"de","potentialAction":[{"@type":"ReadAction","target":["https:\/\/kbryant.de\/blog\/project\/assistenz-der-geschaeftsfuehrung-managementassistenz-muenchen\/"]}]},{"@type":"BreadcrumbList","@id":"https:\/\/kbryant.de\/blog\/project\/assistenz-der-geschaeftsfuehrung-managementassistenz-muenchen\/#breadcrumb","itemListElement":[{"@type":"ListItem","position":1,"name":"Startseite","item":"https:\/\/kbryant.de\/blog\/"},{"@type":"ListItem","position":2,"name":"Projekte","item":"https:\/\/kbryant.de\/blog\/project\/"},{"@type":"ListItem","position":3,"name":"Assistenz der Gesch\u00e4ftsf\u00fchrung \/ Managementassistenz (m\/w\/d)"}]},{"@type":"WebSite","@id":"https:\/\/kbryant.de\/blog\/#website","url":"https:\/\/kbryant.de\/blog\/","name":"KBryant","description":"Personalvermittlung","potentialAction":[{"@type":"SearchAction","target":{"@type":"EntryPoint","urlTemplate":"https:\/\/kbryant.de\/blog\/?s={search_term_string}"},"query-input":{"@type":"PropertyValueSpecification","valueRequired":true,"valueName":"search_term_string"}}],"inLanguage":"de"}]}},"_links":{"self":[{"href":"https:\/\/kbryant.de\/blog\/wp-json\/wp\/v2\/project\/3825"}],"collection":[{"href":"https:\/\/kbryant.de\/blog\/wp-json\/wp\/v2\/project"}],"about":[{"href":"https:\/\/kbryant.de\/blog\/wp-json\/wp\/v2\/types\/project"}],"author":[{"embeddable":true,"href":"https:\/\/kbryant.de\/blog\/wp-json\/wp\/v2\/users\/7"}],"replies":[{"embeddable":true,"href":"https:\/\/kbryant.de\/blog\/wp-json\/wp\/v2\/comments?post=3825"}],"version-history":[{"count":2,"href":"https:\/\/kbryant.de\/blog\/wp-json\/wp\/v2\/project\/3825\/revisions"}],"predecessor-version":[{"id":3829,"href":"https:\/\/kbryant.de\/blog\/wp-json\/wp\/v2\/project\/3825\/revisions\/3829"}],"wp:attachment":[{"href":"https:\/\/kbryant.de\/blog\/wp-json\/wp\/v2\/media?parent=3825"}],"wp:term":[{"taxonomy":"project_category","embeddable":true,"href":"https:\/\/kbryant.de\/blog\/wp-json\/wp\/v2\/project_category?post=3825"},{"taxonomy":"project_tag","embeddable":true,"href":"https:\/\/kbryant.de\/blog\/wp-json\/wp\/v2\/project_tag?post=3825"}],"curies":[{"name":"wp","href":"https:\/\/api.w.org\/{rel}","templated":true}]}}