{"id":2677,"date":"2019-09-12T14:48:09","date_gmt":"2019-09-12T12:48:09","guid":{"rendered":"https:\/\/kbryant.de\/blog\/?post_type=project&#038;p=2677"},"modified":"2019-10-09T13:26:11","modified_gmt":"2019-10-09T11:26:11","slug":"it-techniker-im-fieldservice","status":"publish","type":"project","link":"https:\/\/kbryant.de\/blog\/project\/it-techniker-im-fieldservice\/","title":{"rendered":"IT Techniker im Fieldservice (m\/w\/d)"},"content":{"rendered":"<p>[et_pb_section fb_built=&#8220;1&#8243; _builder_version=&#8220;3.22&#8243; animation_style=&#8220;fade&#8220; fb_built=&#8220;1&#8243; bb_built=&#8220;1&#8243; _i=&#8220;0&#8243; _address=&#8220;0&#8243;][et_pb_row _builder_version=&#8220;3.25&#8243; background_size=&#8220;initial&#8220; background_position=&#8220;top_left&#8220; background_repeat=&#8220;repeat&#8220; _i=&#8220;0&#8243; _address=&#8220;0.0&#8243;][et_pb_column type=&#8220;4_4&#8243; _builder_version=&#8220;3.25&#8243; custom_padding=&#8220;|||&#8220; _i=&#8220;0&#8243; _address=&#8220;0.0.0&#8243; custom_padding__hover=&#8220;|||&#8220;][et_pb_text admin_label=&#8220;\u00dcberschrift &#8220; _builder_version=&#8220;3.27.4&#8243; text_font=&#8220;|700||on|||||&#8220; text_text_color=&#8220;#f9ab32&#8243; text_line_height=&#8220;1&#8243; header_font=&#8220;|700||on|||||&#8220; header_text_align=&#8220;left&#8220; header_text_color=&#8220;#f9ab32&#8243; text_orientation=&#8220;right&#8220; _i=&#8220;0&#8243; _address=&#8220;0.0.0.0&#8243;]<\/p>\n<h1 style=\"text-align: left;\">Stellenangebot<\/h1>\n<p>[\/et_pb_text][et_pb_text admin_label=&#8220;Name des Stellenangebots hier editieren&#8220; _builder_version=&#8220;3.27.4&#8243; text_font=&#8220;|300|||||||&#8220; text_text_color=&#8220;#696969&#8243; header_font=&#8220;|700||on|||||&#8220; header_text_align=&#8220;left&#8220; header_text_color=&#8220;#f9ab32&#8243; header_line_height=&#8220;3em&#8220; _i=&#8220;1&#8243; _address=&#8220;0.0.0.1&#8243;]<\/p>\n<p><span style=\"color: #696969;\"><strong>Wir sind eine Personalvermittlung mit Sitz in M\u00fcnchen.<br \/><\/strong>F\u00fcr unseren Kunden in K\u00f6ln suchen wir Sie als IT Techniker im Fieldservice (m\/w\/d).<br \/><\/span><\/p>\n<p><span style=\"color: #696969;\">Mit <strong>langj\u00e4hriger Erfahrung und umfassendem Branchenwissen<\/strong>\u00a0k\u00f6nnen wir auf Sachbearbeiter-, Experten- und F\u00fchrungsebene unterst\u00fctzen \u2013 egal in welchem Fachgebiet.<\/span><\/p>\n<p>[\/et_pb_text][et_pb_text _builder_version=&#8220;3.27.4&#8243; text_font=&#8220;|700||on|||||&#8220; text_line_height=&#8220;1.3&#8243; header_font=&#8220;|700||on|||||&#8220; header_text_align=&#8220;left&#8220; header_font_size=&#8220;14&#8243; header_6_font=&#8220;|700||on|||||&#8220; custom_margin=&#8220;||0px|&#8220; custom_padding=&#8220;||0px|&#8220; _i=&#8220;2&#8243; _address=&#8220;0.0.0.2&#8243;]<span style=\"color: #696969;\"><strong>F\u00fcr unseren Kunden suchen wir Sie als<\/strong><\/span><br \/>\n[\/et_pb_text][et_pb_text admin_label=&#8220;Name des Stellenangebots hier editieren&#8220; _builder_version=&#8220;3.27.4&#8243; text_font=&#8220;|700||on|||||&#8220; text_text_color=&#8220;#f9ab32&#8243; text_line_height=&#8220;1&#8243; header_font=&#8220;|700||on|||||&#8220; header_text_align=&#8220;left&#8220; header_font_size=&#8220;14&#8243; header_6_font=&#8220;|700||on|||||&#8220; custom_margin=&#8220;5px|||&#8220; custom_padding=&#8220;5px|||&#8220; _i=&#8220;3&#8243; _address=&#8220;0.0.0.3&#8243;]<\/p>\n<p>IT Techniker im Fieldservice (m\/w\/d) &#8211; K\u00f6ln<\/p>\n<p>[\/et_pb_text][et_pb_text admin_label=&#8220;Mitarbeiter Aufgaben editieren&#8220; _builder_version=&#8220;3.27.4&#8243; text_font=&#8220;|300|||||||&#8220; text_text_color=&#8220;#696969&#8243; header_font=&#8220;|700||on|||||&#8220; header_text_align=&#8220;left&#8220; header_text_color=&#8220;#696969&#8243; header_font_size=&#8220;18&#8243; header_line_height=&#8220;3em&#8220; custom_margin=&#8220;0px|||&#8220; custom_padding=&#8220;0px|||&#8220; _i=&#8220;4&#8243; _address=&#8220;0.0.0.4&#8243;]<\/p>\n<h1><strong>IHRE AUFGABEN<\/strong><\/h1>\n<ul>\n<li>\n<p>Betreuung der IT-Landschaften bei Kunden<\/p>\n<\/li>\n<li>\n<p>Unterst\u00fctzung bei Roll out Projekten<\/p>\n<\/li>\n<li>\n<p>Aufnahme von Anfragen und St\u00f6rungsmeldungen am Telefon, per E-Mail und pers\u00f6nlich vor Ort<\/p>\n<\/li>\n<li>\n<p>Dokumentation im Tickettool sowie Nachverfolgung bis zur Probleml\u00f6sung<\/p>\n<\/li>\n<li>\n<p>Installation neuer Hard- und Software bei den Anwendern vor Ort<\/p>\n<\/li>\n<li>\n<p>Hilfestellung bei allen Anwenderfragen rund um die IT<\/p>\n<\/li>\n<\/ul>\n<p>[\/et_pb_text][et_pb_divider show_divider=&#8220;off&#8220; admin_label=&#8220;Teiler leer&#8220; _builder_version=&#8220;3.2&#8243; height=&#8220;6px&#8220; global_module=&#8220;242&#8243; saved_tabs=&#8220;all&#8220; _i=&#8220;5&#8243; _address=&#8220;0.0.0.5&#8243;]<\/p>\n<h1>Ihr Profil<\/h1>\n<p>[\/et_pb_divider][et_pb_text admin_label=&#8220;Mitarbeiter Profil editieren&#8220; _builder_version=&#8220;3.27.4&#8243; text_font=&#8220;|300|||||||&#8220; text_text_color=&#8220;#696969&#8243; header_font=&#8220;|700||on|||||&#8220; header_text_align=&#8220;left&#8220; header_font_size=&#8220;18&#8243; header_line_height=&#8220;3em&#8220; custom_margin=&#8220;0px|||&#8220; custom_padding=&#8220;0px|||&#8220; _i=&#8220;6&#8243; _address=&#8220;0.0.0.6&#8243;]<\/p>\n<h1>Ihr Profil<\/h1>\n<ul>\n<li>Abgeschlossene Ausbildung im IT-Bereich (z.B. IT-Fachinformatiker\/-in f\u00fcr Systemintegration)<\/li>\n<li>Gute Kenntnisse in den Standard-Betriebssystemen (Windows 7\/8\/10) sowie in MS Office Produkten<\/li>\n<li>Erfahrungen im Umgang mit einem Ticketsystem (z.B. Remedy)<\/li>\n<li>Ausgepr\u00e4gte Service- und Kundenorientierung<\/li>\n<li>Reisebereitschaft<\/li>\n<li>F\u00fchrerschein<\/li>\n<\/ul>\n<p>[\/et_pb_text][et_pb_divider show_divider=&#8220;off&#8220; admin_label=&#8220;Teiler leer&#8220; _builder_version=&#8220;3.2&#8243; height=&#8220;6px&#8220; global_module=&#8220;242&#8243; saved_tabs=&#8220;all&#8220; _i=&#8220;7&#8243; _address=&#8220;0.0.0.7&#8243;]<\/p>\n<h1>Ihr Profil<\/h1>\n<p>[\/et_pb_divider][et_pb_text admin_label=&#8220;Kundeninformation editieren&#8220; _builder_version=&#8220;3.27.4&#8243; text_font=&#8220;|300|||||||&#8220; text_text_color=&#8220;#696969&#8243; header_font=&#8220;|700||on|||||&#8220; header_text_align=&#8220;left&#8220; header_font_size=&#8220;18&#8243; header_line_height=&#8220;3em&#8220; custom_margin=&#8220;0px|||&#8220; custom_padding=&#8220;0px|||&#8220; _i=&#8220;8&#8243; _address=&#8220;0.0.0.8&#8243;]<\/p>\n<h1>Unser Kunde<\/h1>\n<p>Unser Kunde ist ein hervorragender Arbeitgeber mit Sitz in K\u00f6ln.<\/p>\n<p>[\/et_pb_text][et_pb_text admin_label=&#8220;Ansprechpartner Sebastian Tiggelkamp&#8220; _builder_version=&#8220;3.27.4&#8243; text_font=&#8220;|300|||||||&#8220; text_text_color=&#8220;#696969&#8243; header_font=&#8220;|700||on|||||&#8220; header_text_align=&#8220;left&#8220; header_font_size=&#8220;18&#8243; header_line_height=&#8220;3em&#8220; custom_margin=&#8220;0px|||&#8220; custom_padding=&#8220;0px|||&#8220; _i=&#8220;9&#8243; _address=&#8220;0.0.0.9&#8243;]<\/p>\n<h1>Bewerbung<\/h1>\n<p>Einfach per Mail (mit Anschreiben, Lebenslauf und Zeugnissen) an <a href=\"mailto:bewerbung@kbryant.de\"><strong>bewerbung@kbryant.de<\/strong><\/a> senden.<\/p>\n<p>Ansprechpartner:<br \/>\nSebastian Tiggelkamp<br \/>\nTelefon: 089-54455373<br \/>\n[\/et_pb_text][et_pb_divider show_divider=&#8220;off&#8220; admin_label=&#8220;Teiler Ball&#8220; _builder_version=&#8220;3.2&#8243; background_image=&#8220;https:\/\/kbryant.de\/blog\/wp-content\/uploads\/2017\/12\/Mittellinie_oben.png&#8220; background_size=&#8220;contain&#8220; height=&#8220;36px&#8220; custom_padding=&#8220;80px|||||&#8220; global_module=&#8220;120&#8243; saved_tabs=&#8220;all&#8220; _i=&#8220;3&#8243; _address=&#8220;2.0.0.3&#8243;]<\/p>\n<p>[\/et_pb_divider][et_pb_text _builder_version=&#8220;3.27.4&#8243; text_font=&#8220;|300|||||||&#8220; text_text_color=&#8220;#696969&#8243; header_font=&#8220;|700||on|||||&#8220; header_text_align=&#8220;left&#8220; header_font_size=&#8220;18&#8243; header_line_height=&#8220;3em&#8220; custom_margin=&#8220;0px|||&#8220; custom_padding=&#8220;0px|||&#8220; _i=&#8220;11&#8243; _address=&#8220;0.0.0.11&#8243;]<\/p>\n<h1>KBryant \u2013 Ehrgeiz + Loyaliti\u00e4t = Erfolg<\/h1>\n<p>Das ist unsere Formel zum Erfolg. Und genau dahin m\u00f6chte KBryant Sie als spezialisierter Personaldienstleister im Bereich Personalvermittlung und Zeitarbeit bringen. Zum Erfolg. Zu Ihrem Traumberuf. Zu Spa\u00df an der Arbeit. Wir bilden die Schnittstelle zwischen Unternehmen und Arbeitnehmern sowohl im Kaufm\u00e4nnischen- als auch im IT-Bereich.<br \/>\n[\/et_pb_text][et_pb_divider show_divider=&#8220;off&#8220; admin_label=&#8220;Teiler leer&#8220; _builder_version=&#8220;3.2&#8243; height=&#8220;6px&#8220; global_module=&#8220;242&#8243; saved_tabs=&#8220;all&#8220; _i=&#8220;12&#8243; _address=&#8220;0.0.0.12&#8243;]<\/p>\n<h1>Ihr Profil<\/h1>\n<p>[\/et_pb_divider][et_pb_text _builder_version=&#8220;3.27.4&#8243; text_font=&#8220;|300|||||||&#8220; text_text_color=&#8220;#696969&#8243; header_font=&#8220;|700||on|||||&#8220; header_text_align=&#8220;left&#8220; header_font_size=&#8220;18&#8243; header_line_height=&#8220;3em&#8220; custom_margin=&#8220;0px|||&#8220; custom_padding=&#8220;0px|||&#8220; _i=&#8220;13&#8243; _address=&#8220;0.0.0.13&#8243;]<\/p>\n<h1>Ihre Vorteile<\/h1>\n<ul>\n<li>Lediglich eine Bewerbung bei uns, die wir gezielt an mehrere Unternehmen weiterleiten k\u00f6nnen<\/li>\n<li>erstes Interview und individuelle Beratung<\/li>\n<li>Eine Vielzahl an Stellen, die kurzfristig besetzt werden m\u00fcssen<\/li>\n<li>Pers\u00f6nliche Kontakte zu Entscheidern und hilfreiche Informationen<\/li>\n<li>Hilfreiche Tipps und Informationen f\u00fcr das Vorstellungsgespr\u00e4ch beim Unternehmen<\/li>\n<\/ul>\n<p>[\/et_pb_text][et_pb_divider show_divider=&#8220;off&#8220; admin_label=&#8220;Teiler Ball&#8220; _builder_version=&#8220;3.2&#8243; background_image=&#8220;https:\/\/kbryant.de\/blog\/wp-content\/uploads\/2017\/12\/Mittellinie_oben.png&#8220; background_size=&#8220;contain&#8220; height=&#8220;36px&#8220; custom_padding=&#8220;80px|||||&#8220; global_module=&#8220;120&#8243; saved_tabs=&#8220;all&#8220; _i=&#8220;3&#8243; _address=&#8220;2.0.0.3&#8243;]<\/p>\n<p>[\/et_pb_divider][et_pb_text admin_label=&#8220;Impressumstext&#8220; _builder_version=&#8220;3.0.94&#8243; text_font=&#8220;|300|||||||&#8220; text_text_color=&#8220;#696969&#8243; header_font=&#8220;|700|||||||&#8220; header_text_color=&#8220;#f9ab32&#8243; header_line_height=&#8220;3em&#8220; text_orientation=&#8220;center&#8220; global_module=&#8220;147&#8243; saved_tabs=&#8220;all&#8220; _i=&#8220;15&#8243; _address=&#8220;0.0.0.15&#8243;]<\/p>\n<h1 style=\"text-align: center;\">KBryant GmbH<\/h1>\n<p style=\"text-align: center;\">Schwanthalerstra\u00dfe 10<\/p>\n<p style=\"text-align: center;\"><span style=\"font-size: 18px;\">80336 M\u00fcnchen\u00a0<\/span><\/p>\n<p style=\"text-align: center;\">\n<p style=\"text-align: center;\">\n<p style=\"text-align: center;\">Tel.: 089\/544 55 371<br \/> Fax: 089\/544 55 370<br \/> Email: f.yildirim@kbryant.de<br \/> www.kbryant.de<\/p>\n<p>\u00a0<\/p>\n<p>[\/et_pb_text][\/et_pb_column][\/et_pb_row][\/et_pb_section]<\/p>\n","protected":false},"excerpt":{"rendered":"<p>Stellenangebot Wir sind eine Personalvermittlung mit Sitz in M\u00fcnchen.F\u00fcr unseren Kunden in K\u00f6ln suchen wir Sie als IT Techniker im Fieldservice (m\/w\/d). Mit langj\u00e4hriger Erfahrung und umfassendem Branchenwissen\u00a0k\u00f6nnen wir auf Sachbearbeiter-, Experten- und F\u00fchrungsebene unterst\u00fctzen \u2013 egal in welchem Fachgebiet.F\u00fcr unseren Kunden suchen wir Sie als IT Techniker im Fieldservice (m\/w\/d) &#8211; K\u00f6lnIHRE AUFGABEN Betreuung [&hellip;]<\/p>\n","protected":false},"author":7,"featured_media":0,"comment_status":"open","ping_status":"closed","template":"","meta":{"_et_pb_use_builder":"on","_et_pb_old_content":"","_et_gb_content_width":"","footnotes":""},"project_category":[31,111,35],"project_tag":[],"yoast_head":"<!-- This site is optimized with the Yoast SEO plugin v24.5 - https:\/\/yoast.com\/wordpress\/plugins\/seo\/ -->\n<title>IT Techniker im Fieldservice | Bewerben Sie sich online!<\/title>\n<meta name=\"description\" content=\"F\u00fcr unseren Kunden, ein Unternehmen in K\u00f6ln, suchen wir Sie als IT Techniker im Fieldservice (m\/w\/d). Bewerben Sie sich jetzt!\" \/>\n<meta name=\"robots\" content=\"index, follow, max-snippet:-1, max-image-preview:large, max-video-preview:-1\" \/>\n<link rel=\"canonical\" href=\"https:\/\/kbryant.de\/blog\/project\/it-techniker-im-fieldservice\/\" \/>\n<meta property=\"og:locale\" content=\"de_DE\" \/>\n<meta property=\"og:type\" content=\"article\" \/>\n<meta property=\"og:title\" content=\"IT Techniker im Fieldservice | Bewerben Sie sich online!\" \/>\n<meta property=\"og:description\" content=\"F\u00fcr unseren Kunden, ein Unternehmen in K\u00f6ln, suchen wir Sie als IT Techniker im Fieldservice (m\/w\/d). Bewerben Sie sich jetzt!\" \/>\n<meta property=\"og:url\" content=\"https:\/\/kbryant.de\/blog\/project\/it-techniker-im-fieldservice\/\" \/>\n<meta property=\"og:site_name\" content=\"KBryant\" \/>\n<meta property=\"article:publisher\" content=\"https:\/\/www.facebook.com\/kbryantgmbh\" \/>\n<meta property=\"article:modified_time\" content=\"2019-10-09T11:26:11+00:00\" \/>\n<meta property=\"og:image\" content=\"https:\/\/kbryant.de\/blog\/wp-content\/uploads\/2019\/02\/kbryant-logo-seo.jpg\" \/>\n\t<meta property=\"og:image:width\" content=\"1250\" \/>\n\t<meta property=\"og:image:height\" content=\"1250\" \/>\n\t<meta property=\"og:image:type\" content=\"image\/jpeg\" \/>\n<meta name=\"twitter:card\" content=\"summary_large_image\" \/>\n<meta name=\"twitter:site\" content=\"@kbryant_gmbh\" \/>\n<meta name=\"twitter:label1\" content=\"Gesch\u00e4tzte Lesezeit\" \/>\n\t<meta name=\"twitter:data1\" content=\"5\u00a0Minuten\" \/>\n<script type=\"application\/ld+json\" class=\"yoast-schema-graph\">{\"@context\":\"https:\/\/schema.org\",\"@graph\":[{\"@type\":\"WebPage\",\"@id\":\"https:\/\/kbryant.de\/blog\/project\/it-techniker-im-fieldservice\/\",\"url\":\"https:\/\/kbryant.de\/blog\/project\/it-techniker-im-fieldservice\/\",\"name\":\"IT Techniker im Fieldservice | Bewerben Sie sich online!\",\"isPartOf\":{\"@id\":\"https:\/\/kbryant.de\/blog\/#website\"},\"datePublished\":\"2019-09-12T12:48:09+00:00\",\"dateModified\":\"2019-10-09T11:26:11+00:00\",\"description\":\"F\u00fcr unseren Kunden, ein Unternehmen in K\u00f6ln, suchen wir Sie als IT Techniker im Fieldservice (m\/w\/d). Bewerben Sie sich jetzt!\",\"breadcrumb\":{\"@id\":\"https:\/\/kbryant.de\/blog\/project\/it-techniker-im-fieldservice\/#breadcrumb\"},\"inLanguage\":\"de\",\"potentialAction\":[{\"@type\":\"ReadAction\",\"target\":[\"https:\/\/kbryant.de\/blog\/project\/it-techniker-im-fieldservice\/\"]}]},{\"@type\":\"BreadcrumbList\",\"@id\":\"https:\/\/kbryant.de\/blog\/project\/it-techniker-im-fieldservice\/#breadcrumb\",\"itemListElement\":[{\"@type\":\"ListItem\",\"position\":1,\"name\":\"Startseite\",\"item\":\"https:\/\/kbryant.de\/blog\/\"},{\"@type\":\"ListItem\",\"position\":2,\"name\":\"Projekte\",\"item\":\"https:\/\/kbryant.de\/blog\/project\/\"},{\"@type\":\"ListItem\",\"position\":3,\"name\":\"IT Techniker im Fieldservice (m\/w\/d)\"}]},{\"@type\":\"WebSite\",\"@id\":\"https:\/\/kbryant.de\/blog\/#website\",\"url\":\"https:\/\/kbryant.de\/blog\/\",\"name\":\"KBryant\",\"description\":\"Personalvermittlung\",\"potentialAction\":[{\"@type\":\"SearchAction\",\"target\":{\"@type\":\"EntryPoint\",\"urlTemplate\":\"https:\/\/kbryant.de\/blog\/?s={search_term_string}\"},\"query-input\":{\"@type\":\"PropertyValueSpecification\",\"valueRequired\":true,\"valueName\":\"search_term_string\"}}],\"inLanguage\":\"de\"}]}<\/script>\n<!-- \/ Yoast SEO plugin. -->","yoast_head_json":{"title":"IT Techniker im Fieldservice | Bewerben Sie sich online!","description":"F\u00fcr unseren Kunden, ein Unternehmen in K\u00f6ln, suchen wir Sie als IT Techniker im Fieldservice (m\/w\/d). Bewerben Sie sich jetzt!","robots":{"index":"index","follow":"follow","max-snippet":"max-snippet:-1","max-image-preview":"max-image-preview:large","max-video-preview":"max-video-preview:-1"},"canonical":"https:\/\/kbryant.de\/blog\/project\/it-techniker-im-fieldservice\/","og_locale":"de_DE","og_type":"article","og_title":"IT Techniker im Fieldservice | Bewerben Sie sich online!","og_description":"F\u00fcr unseren Kunden, ein Unternehmen in K\u00f6ln, suchen wir Sie als IT Techniker im Fieldservice (m\/w\/d). Bewerben Sie sich jetzt!","og_url":"https:\/\/kbryant.de\/blog\/project\/it-techniker-im-fieldservice\/","og_site_name":"KBryant","article_publisher":"https:\/\/www.facebook.com\/kbryantgmbh","article_modified_time":"2019-10-09T11:26:11+00:00","og_image":[{"width":1250,"height":1250,"url":"https:\/\/kbryant.de\/blog\/wp-content\/uploads\/2019\/02\/kbryant-logo-seo.jpg","type":"image\/jpeg"}],"twitter_card":"summary_large_image","twitter_site":"@kbryant_gmbh","twitter_misc":{"Gesch\u00e4tzte Lesezeit":"5\u00a0Minuten"},"schema":{"@context":"https:\/\/schema.org","@graph":[{"@type":"WebPage","@id":"https:\/\/kbryant.de\/blog\/project\/it-techniker-im-fieldservice\/","url":"https:\/\/kbryant.de\/blog\/project\/it-techniker-im-fieldservice\/","name":"IT Techniker im Fieldservice | Bewerben Sie sich online!","isPartOf":{"@id":"https:\/\/kbryant.de\/blog\/#website"},"datePublished":"2019-09-12T12:48:09+00:00","dateModified":"2019-10-09T11:26:11+00:00","description":"F\u00fcr unseren Kunden, ein Unternehmen in K\u00f6ln, suchen wir Sie als IT Techniker im Fieldservice (m\/w\/d). Bewerben Sie sich jetzt!","breadcrumb":{"@id":"https:\/\/kbryant.de\/blog\/project\/it-techniker-im-fieldservice\/#breadcrumb"},"inLanguage":"de","potentialAction":[{"@type":"ReadAction","target":["https:\/\/kbryant.de\/blog\/project\/it-techniker-im-fieldservice\/"]}]},{"@type":"BreadcrumbList","@id":"https:\/\/kbryant.de\/blog\/project\/it-techniker-im-fieldservice\/#breadcrumb","itemListElement":[{"@type":"ListItem","position":1,"name":"Startseite","item":"https:\/\/kbryant.de\/blog\/"},{"@type":"ListItem","position":2,"name":"Projekte","item":"https:\/\/kbryant.de\/blog\/project\/"},{"@type":"ListItem","position":3,"name":"IT Techniker im Fieldservice (m\/w\/d)"}]},{"@type":"WebSite","@id":"https:\/\/kbryant.de\/blog\/#website","url":"https:\/\/kbryant.de\/blog\/","name":"KBryant","description":"Personalvermittlung","potentialAction":[{"@type":"SearchAction","target":{"@type":"EntryPoint","urlTemplate":"https:\/\/kbryant.de\/blog\/?s={search_term_string}"},"query-input":{"@type":"PropertyValueSpecification","valueRequired":true,"valueName":"search_term_string"}}],"inLanguage":"de"}]}},"_links":{"self":[{"href":"https:\/\/kbryant.de\/blog\/wp-json\/wp\/v2\/project\/2677"}],"collection":[{"href":"https:\/\/kbryant.de\/blog\/wp-json\/wp\/v2\/project"}],"about":[{"href":"https:\/\/kbryant.de\/blog\/wp-json\/wp\/v2\/types\/project"}],"author":[{"embeddable":true,"href":"https:\/\/kbryant.de\/blog\/wp-json\/wp\/v2\/users\/7"}],"replies":[{"embeddable":true,"href":"https:\/\/kbryant.de\/blog\/wp-json\/wp\/v2\/comments?post=2677"}],"version-history":[{"count":4,"href":"https:\/\/kbryant.de\/blog\/wp-json\/wp\/v2\/project\/2677\/revisions"}],"predecessor-version":[{"id":2682,"href":"https:\/\/kbryant.de\/blog\/wp-json\/wp\/v2\/project\/2677\/revisions\/2682"}],"wp:attachment":[{"href":"https:\/\/kbryant.de\/blog\/wp-json\/wp\/v2\/media?parent=2677"}],"wp:term":[{"taxonomy":"project_category","embeddable":true,"href":"https:\/\/kbryant.de\/blog\/wp-json\/wp\/v2\/project_category?post=2677"},{"taxonomy":"project_tag","embeddable":true,"href":"https:\/\/kbryant.de\/blog\/wp-json\/wp\/v2\/project_tag?post=2677"}],"curies":[{"name":"wp","href":"https:\/\/api.w.org\/{rel}","templated":true}]}}