{"id":2420,"date":"2019-03-12T14:03:13","date_gmt":"2019-03-12T13:03:13","guid":{"rendered":"https:\/\/kbryant.de\/blog\/?post_type=project&#038;p=2420"},"modified":"2019-03-12T14:05:44","modified_gmt":"2019-03-12T13:05:44","slug":"personalreferent-m-w-d","status":"publish","type":"project","link":"https:\/\/kbryant.de\/blog\/project\/personalreferent-m-w-d\/","title":{"rendered":"Personalreferent (m\/w\/d)"},"content":{"rendered":"<p>[et_pb_section fb_built=&#8220;1&#8243; _builder_version=&#8220;3.0.92&#8243; animation_style=&#8220;fade&#8220;][et_pb_row _builder_version=&#8220;3.0.92&#8243; background_size=&#8220;initial&#8220; background_position=&#8220;top_left&#8220; background_repeat=&#8220;repeat&#8220;][et_pb_column type=&#8220;4_4&#8243; _builder_version=&#8220;3.0.47&#8243; parallax=&#8220;off&#8220; parallax_method=&#8220;on&#8220;][et_pb_text _builder_version=&#8220;3.0.92&#8243; text_font=&#8220;|700||on|||||&#8220; text_text_color=&#8220;#f9ab32&#8243; text_line_height=&#8220;1&#8243; header_font=&#8220;|700||on|||||&#8220; header_text_align=&#8220;left&#8220; header_text_color=&#8220;#f9ab32&#8243; text_orientation=&#8220;right&#8220;]<\/p>\n<h1 style=\"text-align: left;\">Stellenangebot<\/h1>\n<p>[\/et_pb_text][et_pb_text _builder_version=&#8220;3.0.92&#8243; text_font=&#8220;|300|||||||&#8220; header_font=&#8220;|700||on|||||&#8220; header_text_align=&#8220;left&#8220; header_text_color=&#8220;#f9ab32&#8243; header_line_height=&#8220;3em&#8220;] <strong>Wir sind eine Personalvermittlung mit Sitz in M\u00fcnchen.<br \/>\n<\/strong>F\u00fcr unsere Kunden suchen wir Bundesweit nach qualifizierten Mitarbeitern in unterschiedlichen Branche &#8211; jetzt auch in ihrer Stadt.<\/p>\n<p>Mit <strong>langj\u00e4hriger Erfahrung und umfassendem Branchenwissen<\/strong>\u00a0k\u00f6nnen wir auf Sachbearbeiter-, Experten- und F\u00fchrungsebene unterst\u00fctzen \u2013 egal in welchem Fachgebiet.<br \/>\n[\/et_pb_text][et_pb_text _builder_version=&#8220;3.0.92&#8243; text_font=&#8220;|700||on|||||&#8220; text_line_height=&#8220;1.3&#8243; header_font=&#8220;|700||on|||||&#8220; header_text_align=&#8220;left&#8220; header_font_size=&#8220;14&#8243; header_6_font=&#8220;|700||on|||||&#8220; custom_margin=&#8220;||0px|&#8220; custom_padding=&#8220;||0px|&#8220;] <strong>F\u00fcr unseren Kunden suchen wir Sie als<\/strong><br \/>\n[\/et_pb_text][et_pb_text _builder_version=&#8220;3.0.92&#8243; text_font=&#8220;|700||on|||||&#8220; text_text_color=&#8220;#f9ab32&#8243; text_line_height=&#8220;1&#8243; header_font=&#8220;|700||on|||||&#8220; header_text_align=&#8220;left&#8220; header_font_size=&#8220;14&#8243; header_6_font=&#8220;|700||on|||||&#8220; custom_margin=&#8220;5px|||&#8220; custom_padding=&#8220;5px|||&#8220;]<\/p>\n<p>Personalreferent (m\/w\/D) &#8211; M\u00fcnchen<\/p>\n<p>[\/et_pb_text][et_pb_text _builder_version=&#8220;3.0.92&#8243; text_font=&#8220;|300|||||||&#8220; header_font=&#8220;|700||on|||||&#8220; header_text_align=&#8220;left&#8220; header_font_size=&#8220;18&#8243; header_line_height=&#8220;3em&#8220; custom_margin=&#8220;0px|||&#8220; custom_padding=&#8220;0px|||&#8220;]<\/p>\n<h1><strong>IHRE AUFGABEN<\/strong><\/h1>\n<ul>\n<li>Personalbedarfsplanung, Personalbeschaffung, Personalbetreuung<\/li>\n<li>Erstellen von Arbeitsvertr\u00e4gen in Zusammenarbeit mit den Fachabteilungen und Betriebsrat-Anh\u00f6rungen<\/li>\n<li>Personalmarketing und Erschlie\u00dfung neuer Recruiting-Kan\u00e4le<\/li>\n<li>Beratung der F\u00fchrungskr\u00e4fte und Mitarbeiter<\/li>\n<li>Strategische Mitarbeit bei der Entwicklung von Weiter- und Ausbildungskonzepten<\/li>\n<li>Aktive Beteiligung an unternehmensweiten HR-Projekten<\/li>\n<\/ul>\n<p>[\/et_pb_text][et_pb_divider height=&#8220;6px&#8220; admin_label=&#8220;Teiler leer&#8220; _builder_version=&#8220;3.0.92&#8243; global_module=&#8220;242&#8243; saved_tabs=&#8220;all&#8220;]<\/p>\n<h1>Ihr Profil<\/h1>\n<p>[\/et_pb_divider][et_pb_text _builder_version=&#8220;3.0.92&#8243; text_font=&#8220;|300|||||||&#8220; header_font=&#8220;|700||on|||||&#8220; header_text_align=&#8220;left&#8220; header_font_size=&#8220;18&#8243; header_line_height=&#8220;3em&#8220; custom_margin=&#8220;0px|||&#8220; custom_padding=&#8220;0px|||&#8220;]<\/p>\n<h1>Ihr Profil<\/h1>\n<ul>\n<li>Abgeschlossene betriebswirtschaftliches Studium\/ kaufm\u00e4nnische Ausbildung (bevorzugt Personalkaufmann\/-frau)<\/li>\n<li>Einschl\u00e4gige Berufserfahrung im Personalmanagement<\/li>\n<li>Sehr gute Deutschkenntnisse in Wort und Schrift<\/li>\n<li>Gute MS-Office Kenntnisse<\/li>\n<li>Sehr gute Englischkenntnisse<\/li>\n<li>Kommunikationsst\u00e4rke<\/li>\n<li>Organisationstalent und Eigeninitiative<\/li>\n<li>Flexibilit\u00e4t und Belastbarkeit<\/li>\n<\/ul>\n<p>[\/et_pb_text][et_pb_divider height=&#8220;6px&#8220; admin_label=&#8220;Teiler leer&#8220; _builder_version=&#8220;3.0.92&#8243; global_module=&#8220;242&#8243; saved_tabs=&#8220;all&#8220;]<\/p>\n<h1>Ihr Profil<\/h1>\n<p>[\/et_pb_divider][et_pb_text _builder_version=&#8220;3.0.92&#8243; text_font=&#8220;|300|||||||&#8220; header_font=&#8220;|700||on|||||&#8220; header_text_align=&#8220;left&#8220; header_font_size=&#8220;18&#8243; header_line_height=&#8220;3em&#8220; custom_margin=&#8220;0px|||&#8220; custom_padding=&#8220;0px|||&#8220;]<\/p>\n<h1>Unser Kunde<\/h1>\n<p>Unser Kunde ist ein hervorragender Arbeitgeber, der sehr viel Wert auf eine gute Integration seiner Mitarbeiter legt. Flexible Arbeitszeiten sowie die Bereitstellung vieler Benefits machen dieses Unternehmen zu einem der attraktivsten Arbeitgeber der Region.<br \/>\n[\/et_pb_text][et_pb_text _builder_version=&#8220;3.0.92&#8243; text_font=&#8220;|300|||||||&#8220; header_font=&#8220;|700||on|||||&#8220; header_text_align=&#8220;left&#8220; header_font_size=&#8220;18&#8243; header_line_height=&#8220;3em&#8220; custom_margin=&#8220;0px|||&#8220; custom_padding=&#8220;0px|||&#8220;]<\/p>\n<h1>Bewerbung<\/h1>\n<p>Einfach per Mail (mit Anschreiben, Lebenslauf und Zeugnissen) an <a href=\"mailto:bewerbung@kbryant.de\"><strong>bewerbung@kbryant.de<\/strong><\/a> senden.<\/p>\n<p>Ansprechpartner:<br \/>Analena Arnold<br \/> Telefon: 089-54455375<\/p>\n<p>[\/et_pb_text][et_pb_divider show_divider=&#8220;on&#8220; divider_position=&#8220;center&#8220; height=&#8220;36px&#8220; admin_label=&#8220;Teiler Ball&#8220; _builder_version=&#8220;3.0.94&#8243; background_image=&#8220;https:\/\/kbryant.de\/blog\/wp-content\/uploads\/2017\/12\/Mittellinie_oben.png&#8220; background_size=&#8220;contain&#8220; global_module=&#8220;120&#8243; saved_tabs=&#8220;all&#8220;]<\/p>\n<p>[\/et_pb_divider][et_pb_text _builder_version=&#8220;3.0.92&#8243; text_font=&#8220;|300|||||||&#8220; header_font=&#8220;|700||on|||||&#8220; header_text_align=&#8220;left&#8220; header_font_size=&#8220;18&#8243; header_line_height=&#8220;3em&#8220; custom_margin=&#8220;0px|||&#8220; custom_padding=&#8220;0px|||&#8220;]<\/p>\n<h1>KBryant \u2013 Ehrgeiz + Loyaliti\u00e4t = Erfolg<\/h1>\n<p>Das ist unsere Formel zum Erfolg. Und genau dahin m\u00f6chte KBryant Sie als spezialisierter Personaldienstleister im Bereich Personalvermittlung und Zeitarbeit bringen. Zum Erfolg. Zu Ihrem Traumberuf. Zu Spa\u00df an der Arbeit. Wir bilden die Schnittstelle zwischen Unternehmen und Arbeitnehmern sowohl im Kaufm\u00e4nnischen- als auch im IT-Bereich.<br \/>\n[\/et_pb_text][et_pb_divider height=&#8220;6px&#8220; admin_label=&#8220;Teiler leer&#8220; _builder_version=&#8220;3.0.92&#8243; global_module=&#8220;242&#8243; saved_tabs=&#8220;all&#8220;]<\/p>\n<h1>Ihr Profil<\/h1>\n<p>[\/et_pb_divider][et_pb_text _builder_version=&#8220;3.0.92&#8243; text_font=&#8220;|300|||||||&#8220; header_font=&#8220;|700||on|||||&#8220; header_text_align=&#8220;left&#8220; header_font_size=&#8220;18&#8243; header_line_height=&#8220;3em&#8220; custom_margin=&#8220;0px|||&#8220; custom_padding=&#8220;0px|||&#8220;]<\/p>\n<h1>Ihre Vorteile<\/h1>\n<ul>\n<li>Lediglich eine Bewerbung bei uns, die wir gezielt an mehrere Unternehmen weiterleiten k\u00f6nnen<\/li>\n<li>erstes Interview und individuelle Beratung<\/li>\n<li>Eine Vielzahl an Stellen, die kurzfristig besetzt werden m\u00fcssen<\/li>\n<li>Pers\u00f6nliche Kontakte zu Entscheidern und hilfreiche Informationen<\/li>\n<li>Hilfreiche Tipps und Informationen f\u00fcr das Vorstellungsgespr\u00e4ch beim Unternehmen<\/li>\n<\/ul>\n<p>[\/et_pb_text][et_pb_divider show_divider=&#8220;on&#8220; divider_position=&#8220;center&#8220; height=&#8220;36px&#8220; admin_label=&#8220;Teiler Ball&#8220; _builder_version=&#8220;3.0.94&#8243; background_image=&#8220;https:\/\/kbryant.de\/blog\/wp-content\/uploads\/2017\/12\/Mittellinie_oben.png&#8220; background_size=&#8220;contain&#8220; global_module=&#8220;120&#8243; saved_tabs=&#8220;all&#8220;]<\/p>\n<p>[\/et_pb_divider][et_pb_text admin_label=&#8220;Impressumstext&#8220; _builder_version=&#8220;3.0.92&#8243; text_font=&#8220;|300|||||||&#8220; header_font=&#8220;|700|||||||&#8220; header_text_color=&#8220;#f9ab32&#8243; header_line_height=&#8220;3em&#8220; text_orientation=&#8220;center&#8220; global_module=&#8220;147&#8243; saved_tabs=&#8220;all&#8220;]<\/p>\n<h1 style=\"text-align: center;\">KBryant GmbH<\/h1>\n<p style=\"text-align: center;\">Schwanthalerstra\u00dfe 10<\/p>\n<p style=\"text-align: center;\"><span style=\"font-size: 18px;\">80336 M\u00fcnchen\u00a0<\/span><\/p>\n<p style=\"text-align: center;\">\n<p style=\"text-align: center;\">\n<p style=\"text-align: center;\">Tel.: 089\/544 55 371<br \/> Fax: 089\/544 55 370<br \/> Email: f.yildirim@kbryant.de<br \/> www.kbryant.de<\/p>\n<p>\u00a0<\/p>\n<p>[\/et_pb_text][\/et_pb_column][\/et_pb_row][\/et_pb_section]<\/p>\n","protected":false},"excerpt":{"rendered":"<p>Stellenangebot Wir sind eine Personalvermittlung mit Sitz in M\u00fcnchen. F\u00fcr unsere Kunden suchen wir Bundesweit nach qualifizierten Mitarbeitern in unterschiedlichen Branche &#8211; jetzt auch in ihrer Stadt. Mit langj\u00e4hriger Erfahrung und umfassendem Branchenwissen\u00a0k\u00f6nnen wir auf Sachbearbeiter-, Experten- und F\u00fchrungsebene unterst\u00fctzen \u2013 egal in welchem Fachgebiet. F\u00fcr unseren Kunden suchen wir Sie als Personalreferent (m\/w\/D) &#8211; [&hellip;]<\/p>\n","protected":false},"author":2,"featured_media":0,"comment_status":"closed","ping_status":"closed","template":"","meta":{"_et_pb_use_builder":"on","_et_pb_old_content":"","_et_gb_content_width":"","footnotes":""},"project_category":[34,50,35],"project_tag":[],"yoast_head":"<!-- This site is optimized with the Yoast SEO plugin v24.5 - https:\/\/yoast.com\/wordpress\/plugins\/seo\/ -->\n<title>Personalreferent (m\/w\/d) - KBryant<\/title>\n<meta name=\"robots\" content=\"index, follow, max-snippet:-1, max-image-preview:large, max-video-preview:-1\" \/>\n<link rel=\"canonical\" href=\"https:\/\/kbryant.de\/blog\/project\/personalreferent-m-w-d\/\" \/>\n<meta property=\"og:locale\" content=\"de_DE\" \/>\n<meta property=\"og:type\" content=\"article\" \/>\n<meta property=\"og:title\" content=\"Personalreferent (m\/w\/d) - KBryant\" \/>\n<meta property=\"og:description\" content=\"Stellenangebot Wir sind eine Personalvermittlung mit Sitz in M\u00fcnchen. F\u00fcr unsere Kunden suchen wir Bundesweit nach qualifizierten Mitarbeitern in unterschiedlichen Branche - jetzt auch in ihrer Stadt. Mit langj\u00e4hriger Erfahrung und umfassendem Branchenwissen\u00a0k\u00f6nnen wir auf Sachbearbeiter-, Experten- und F\u00fchrungsebene unterst\u00fctzen \u2013 egal in welchem Fachgebiet. F\u00fcr unseren Kunden suchen wir Sie als Personalreferent (m\/w\/D) - [&hellip;]\" \/>\n<meta property=\"og:url\" content=\"https:\/\/kbryant.de\/blog\/project\/personalreferent-m-w-d\/\" \/>\n<meta property=\"og:site_name\" content=\"KBryant\" \/>\n<meta property=\"article:publisher\" content=\"https:\/\/www.facebook.com\/kbryantgmbh\" \/>\n<meta property=\"article:modified_time\" content=\"2019-03-12T13:05:44+00:00\" \/>\n<meta property=\"og:image\" content=\"https:\/\/kbryant.de\/blog\/wp-content\/uploads\/2019\/02\/kbryant-logo-seo.jpg\" \/>\n\t<meta property=\"og:image:width\" content=\"1250\" \/>\n\t<meta property=\"og:image:height\" content=\"1250\" \/>\n\t<meta property=\"og:image:type\" content=\"image\/jpeg\" \/>\n<meta name=\"twitter:card\" content=\"summary_large_image\" \/>\n<meta name=\"twitter:site\" content=\"@kbryant_gmbh\" \/>\n<meta name=\"twitter:label1\" content=\"Gesch\u00e4tzte Lesezeit\" \/>\n\t<meta name=\"twitter:data1\" content=\"4\u00a0Minuten\" \/>\n<script type=\"application\/ld+json\" class=\"yoast-schema-graph\">{\"@context\":\"https:\/\/schema.org\",\"@graph\":[{\"@type\":\"WebPage\",\"@id\":\"https:\/\/kbryant.de\/blog\/project\/personalreferent-m-w-d\/\",\"url\":\"https:\/\/kbryant.de\/blog\/project\/personalreferent-m-w-d\/\",\"name\":\"Personalreferent (m\/w\/d) - KBryant\",\"isPartOf\":{\"@id\":\"https:\/\/kbryant.de\/blog\/#website\"},\"datePublished\":\"2019-03-12T13:03:13+00:00\",\"dateModified\":\"2019-03-12T13:05:44+00:00\",\"breadcrumb\":{\"@id\":\"https:\/\/kbryant.de\/blog\/project\/personalreferent-m-w-d\/#breadcrumb\"},\"inLanguage\":\"de\",\"potentialAction\":[{\"@type\":\"ReadAction\",\"target\":[\"https:\/\/kbryant.de\/blog\/project\/personalreferent-m-w-d\/\"]}]},{\"@type\":\"BreadcrumbList\",\"@id\":\"https:\/\/kbryant.de\/blog\/project\/personalreferent-m-w-d\/#breadcrumb\",\"itemListElement\":[{\"@type\":\"ListItem\",\"position\":1,\"name\":\"Startseite\",\"item\":\"https:\/\/kbryant.de\/blog\/\"},{\"@type\":\"ListItem\",\"position\":2,\"name\":\"Projekte\",\"item\":\"https:\/\/kbryant.de\/blog\/project\/\"},{\"@type\":\"ListItem\",\"position\":3,\"name\":\"Personalreferent (m\/w\/d)\"}]},{\"@type\":\"WebSite\",\"@id\":\"https:\/\/kbryant.de\/blog\/#website\",\"url\":\"https:\/\/kbryant.de\/blog\/\",\"name\":\"KBryant\",\"description\":\"Personalvermittlung\",\"potentialAction\":[{\"@type\":\"SearchAction\",\"target\":{\"@type\":\"EntryPoint\",\"urlTemplate\":\"https:\/\/kbryant.de\/blog\/?s={search_term_string}\"},\"query-input\":{\"@type\":\"PropertyValueSpecification\",\"valueRequired\":true,\"valueName\":\"search_term_string\"}}],\"inLanguage\":\"de\"}]}<\/script>\n<!-- \/ Yoast SEO plugin. -->","yoast_head_json":{"title":"Personalreferent (m\/w\/d) - KBryant","robots":{"index":"index","follow":"follow","max-snippet":"max-snippet:-1","max-image-preview":"max-image-preview:large","max-video-preview":"max-video-preview:-1"},"canonical":"https:\/\/kbryant.de\/blog\/project\/personalreferent-m-w-d\/","og_locale":"de_DE","og_type":"article","og_title":"Personalreferent (m\/w\/d) - KBryant","og_description":"Stellenangebot Wir sind eine Personalvermittlung mit Sitz in M\u00fcnchen. F\u00fcr unsere Kunden suchen wir Bundesweit nach qualifizierten Mitarbeitern in unterschiedlichen Branche - jetzt auch in ihrer Stadt. Mit langj\u00e4hriger Erfahrung und umfassendem Branchenwissen\u00a0k\u00f6nnen wir auf Sachbearbeiter-, Experten- und F\u00fchrungsebene unterst\u00fctzen \u2013 egal in welchem Fachgebiet. F\u00fcr unseren Kunden suchen wir Sie als Personalreferent (m\/w\/D) - [&hellip;]","og_url":"https:\/\/kbryant.de\/blog\/project\/personalreferent-m-w-d\/","og_site_name":"KBryant","article_publisher":"https:\/\/www.facebook.com\/kbryantgmbh","article_modified_time":"2019-03-12T13:05:44+00:00","og_image":[{"width":1250,"height":1250,"url":"https:\/\/kbryant.de\/blog\/wp-content\/uploads\/2019\/02\/kbryant-logo-seo.jpg","type":"image\/jpeg"}],"twitter_card":"summary_large_image","twitter_site":"@kbryant_gmbh","twitter_misc":{"Gesch\u00e4tzte Lesezeit":"4\u00a0Minuten"},"schema":{"@context":"https:\/\/schema.org","@graph":[{"@type":"WebPage","@id":"https:\/\/kbryant.de\/blog\/project\/personalreferent-m-w-d\/","url":"https:\/\/kbryant.de\/blog\/project\/personalreferent-m-w-d\/","name":"Personalreferent (m\/w\/d) - KBryant","isPartOf":{"@id":"https:\/\/kbryant.de\/blog\/#website"},"datePublished":"2019-03-12T13:03:13+00:00","dateModified":"2019-03-12T13:05:44+00:00","breadcrumb":{"@id":"https:\/\/kbryant.de\/blog\/project\/personalreferent-m-w-d\/#breadcrumb"},"inLanguage":"de","potentialAction":[{"@type":"ReadAction","target":["https:\/\/kbryant.de\/blog\/project\/personalreferent-m-w-d\/"]}]},{"@type":"BreadcrumbList","@id":"https:\/\/kbryant.de\/blog\/project\/personalreferent-m-w-d\/#breadcrumb","itemListElement":[{"@type":"ListItem","position":1,"name":"Startseite","item":"https:\/\/kbryant.de\/blog\/"},{"@type":"ListItem","position":2,"name":"Projekte","item":"https:\/\/kbryant.de\/blog\/project\/"},{"@type":"ListItem","position":3,"name":"Personalreferent (m\/w\/d)"}]},{"@type":"WebSite","@id":"https:\/\/kbryant.de\/blog\/#website","url":"https:\/\/kbryant.de\/blog\/","name":"KBryant","description":"Personalvermittlung","potentialAction":[{"@type":"SearchAction","target":{"@type":"EntryPoint","urlTemplate":"https:\/\/kbryant.de\/blog\/?s={search_term_string}"},"query-input":{"@type":"PropertyValueSpecification","valueRequired":true,"valueName":"search_term_string"}}],"inLanguage":"de"}]}},"_links":{"self":[{"href":"https:\/\/kbryant.de\/blog\/wp-json\/wp\/v2\/project\/2420"}],"collection":[{"href":"https:\/\/kbryant.de\/blog\/wp-json\/wp\/v2\/project"}],"about":[{"href":"https:\/\/kbryant.de\/blog\/wp-json\/wp\/v2\/types\/project"}],"author":[{"embeddable":true,"href":"https:\/\/kbryant.de\/blog\/wp-json\/wp\/v2\/users\/2"}],"replies":[{"embeddable":true,"href":"https:\/\/kbryant.de\/blog\/wp-json\/wp\/v2\/comments?post=2420"}],"version-history":[{"count":2,"href":"https:\/\/kbryant.de\/blog\/wp-json\/wp\/v2\/project\/2420\/revisions"}],"predecessor-version":[{"id":2422,"href":"https:\/\/kbryant.de\/blog\/wp-json\/wp\/v2\/project\/2420\/revisions\/2422"}],"wp:attachment":[{"href":"https:\/\/kbryant.de\/blog\/wp-json\/wp\/v2\/media?parent=2420"}],"wp:term":[{"taxonomy":"project_category","embeddable":true,"href":"https:\/\/kbryant.de\/blog\/wp-json\/wp\/v2\/project_category?post=2420"},{"taxonomy":"project_tag","embeddable":true,"href":"https:\/\/kbryant.de\/blog\/wp-json\/wp\/v2\/project_tag?post=2420"}],"curies":[{"name":"wp","href":"https:\/\/api.w.org\/{rel}","templated":true}]}}